{"id":3,"date":"2024-03-13T14:30:32","date_gmt":"2024-03-13T13:30:32","guid":{"rendered":"http:\/\/mecanizadosibaizabal.es\/?page_id=3"},"modified":"2026-05-27T10:28:41","modified_gmt":"2026-05-27T08:28:41","slug":"politica-privacidad","status":"publish","type":"page","link":"https:\/\/mecanizadosibaizabal.es\/es\/politica-privacidad\/","title":{"rendered":"Pol\u00edtica de privacidad"},"content":{"rendered":"<p>[et_pb_section fb_built=\u00bb1&#8243; _builder_version=\u00bb4.16&#8243; global_colors_info=\u00bb{}\u00bb][et_pb_row _builder_version=\u00bb4.16&#8243; background_size=\u00bbinitial\u00bb background_position=\u00bbtop_left\u00bb background_repeat=\u00bbrepeat\u00bb global_colors_info=\u00bb{}\u00bb][et_pb_column type=\u00bb4_4&#8243; _builder_version=\u00bb4.16&#8243; custom_padding=\u00bb|||\u00bb global_colors_info=\u00bb{}\u00bb custom_padding__hover=\u00bb|||\u00bb][et_pb_text _builder_version=\u00bb4.27.6&#8243; _module_preset=\u00bbdefault\u00bb hover_enabled=\u00bb0&#8243; sticky_enabled=\u00bb0&#8243;]<\/p>\n<h1 data-section-id=\"1wa4igh\" data-start=\"0\" data-end=\"26\">Pol\u00edtica de Privacidad<\/h1>\n<p>&nbsp;<\/p>\n<h2 data-section-id=\"kt5j8d\" data-start=\"119\" data-end=\"152\">1. Responsable del tratamiento<\/h2>\n<p data-start=\"154\" data-end=\"466\">En cumplimiento de lo dispuesto en el Reglamento (UE) 2016\/679 del Parlamento Europeo y del Consejo (RGPD) y en la Ley Org\u00e1nica 3\/2018 de Protecci\u00f3n de Datos Personales y garant\u00eda de los derechos digitales (LOPDGDD), se informa de que los datos personales recabados a trav\u00e9s de este sitio web ser\u00e1n tratados por:<\/p>\n<ul data-start=\"468\" data-end=\"805\">\n<li data-section-id=\"10agcdt\" data-start=\"468\" data-end=\"544\"><strong data-start=\"470\" data-end=\"482\">Titular:<\/strong> Mecanizados Ibaizabal S.L.L. \/ Mikel Illarramendi Zubimendi<\/li>\n<li data-section-id=\"1ys85di\" data-start=\"545\" data-end=\"571\"><strong data-start=\"547\" data-end=\"559\">CIF\/NIF:<\/strong> B95358024<\/li>\n<li data-section-id=\"vll0jk\" data-start=\"572\" data-end=\"673\"><strong data-start=\"574\" data-end=\"588\">Domicilio:<\/strong> Pol\u00edgono Industrial Tra\u00f1a-Padura, 1 Bajo, 48220 Matiena (Abadi\u00f1o), Bizkaia, Espa\u00f1a<\/li>\n<li data-section-id=\"yrghcw\" data-start=\"674\" data-end=\"720\"><strong data-start=\"676\" data-end=\"699\">Correo electr\u00f3nico:<\/strong> <a data-start=\"700\" data-end=\"718\" class=\"decorated-link cursor-pointer\" rel=\"noopener\">mibaizabal@tmk.eus<\/a><\/li>\n<li data-section-id=\"1i8peza\" data-start=\"721\" data-end=\"750\"><strong data-start=\"723\" data-end=\"736\">Tel\u00e9fono:<\/strong> 946 232 642<\/li>\n<li data-section-id=\"hwf5nb\" data-start=\"751\" data-end=\"805\"><strong data-start=\"753\" data-end=\"767\">Sitio web:<\/strong> <span class=\"\" data-state=\"closed\"><a target=\"_blank\" class=\"decorated-link\" rel=\"noopener\" href=\"https:\/\/mecanizadosibaizabal.es?utm_source=chatgpt.com\">mecanizadosibaizabal.es<\/a><\/span><\/li>\n<\/ul>\n<p data-start=\"807\" data-end=\"939\">Los datos anteriores aparecen publicados en el aviso legal y p\u00e1gina de contacto del sitio web. <span class=\"\" data-state=\"closed\"><\/span><\/p>\n<hr data-start=\"941\" data-end=\"944\" \/>\n<h2 data-section-id=\"9tuxnu\" data-start=\"946\" data-end=\"990\">2. Finalidad del tratamiento de los datos<\/h2>\n<p data-start=\"992\" data-end=\"1171\">Los datos personales facilitados por los usuarios a trav\u00e9s de los formularios de contacto, correo electr\u00f3nico o cualquier otro medio ser\u00e1n tratados con las siguientes finalidades:<\/p>\n<ul data-start=\"1173\" data-end=\"1480\">\n<li data-section-id=\"1aaukxx\" data-start=\"1173\" data-end=\"1247\">Atender consultas, solicitudes o peticiones realizadas por los usuarios.<\/li>\n<li data-section-id=\"1y9wnzy\" data-start=\"1248\" data-end=\"1296\">Gestionar la relaci\u00f3n comercial o profesional.<\/li>\n<li data-section-id=\"1xfe9kh\" data-start=\"1297\" data-end=\"1357\">Elaborar presupuestos y prestar los servicios solicitados.<\/li>\n<li data-section-id=\"cv6gbx\" data-start=\"1358\" data-end=\"1429\">Gestionar comunicaciones relacionadas con la actividad de la empresa.<\/li>\n<li data-section-id=\"6pb3la\" data-start=\"1430\" data-end=\"1480\">Cumplir con las obligaciones legales aplicables.<\/li>\n<\/ul>\n<hr data-start=\"1482\" data-end=\"1485\" \/>\n<h2 data-section-id=\"ixqx2s\" data-start=\"1487\" data-end=\"1525\">3. Legitimaci\u00f3n para el tratamiento<\/h2>\n<p data-start=\"1527\" data-end=\"1580\">La base jur\u00eddica para el tratamiento de sus datos es:<\/p>\n<ul data-start=\"1582\" data-end=\"1883\">\n<li data-section-id=\"1jd0z42\" data-start=\"1582\" data-end=\"1674\">El consentimiento expreso del interesado al enviar formularios o contactar con la empresa.<\/li>\n<li data-section-id=\"10gf2am\" data-start=\"1675\" data-end=\"1735\">La ejecuci\u00f3n de una relaci\u00f3n contractual o precontractual.<\/li>\n<li data-section-id=\"c3yfci\" data-start=\"1736\" data-end=\"1778\">El cumplimiento de obligaciones legales.<\/li>\n<li data-section-id=\"txsso9\" data-start=\"1779\" data-end=\"1883\">El inter\u00e9s leg\u00edtimo del responsable para gestionar la actividad empresarial y responder a solicitudes.<\/li>\n<\/ul>\n<hr data-start=\"1885\" data-end=\"1888\" \/>\n<h2 data-section-id=\"1130t2d\" data-start=\"1890\" data-end=\"1921\">4. Conservaci\u00f3n de los datos<\/h2>\n<p data-start=\"1923\" data-end=\"1959\">Los datos personales se conservar\u00e1n:<\/p>\n<ul data-start=\"1961\" data-end=\"2183\">\n<li data-section-id=\"1akp9t8\" data-start=\"1961\" data-end=\"2016\">Mientras exista una relaci\u00f3n comercial o contractual.<\/li>\n<li data-section-id=\"2ki7rl\" data-start=\"2017\" data-end=\"2064\">Mientras el usuario no solicite su supresi\u00f3n.<\/li>\n<li data-section-id=\"1znvc\" data-start=\"2065\" data-end=\"2183\">Durante los plazos legalmente exigidos para el cumplimiento de obligaciones fiscales, mercantiles o administrativas.<\/li>\n<\/ul>\n<hr data-start=\"2185\" data-end=\"2188\" \/>\n<h2 data-section-id=\"1o5pdps\" data-start=\"2190\" data-end=\"2222\">5. Destinatarios de los datos<\/h2>\n<p data-start=\"2224\" data-end=\"2311\">Con car\u00e1cter general, no se ceder\u00e1n datos personales a terceros salvo obligaci\u00f3n legal.<\/p>\n<p data-start=\"2313\" data-end=\"2535\">No obstante, determinados proveedores tecnol\u00f3gicos o de alojamiento web podr\u00e1n tener acceso a datos personales como encargados del tratamiento, bajo los correspondientes contratos de confidencialidad y protecci\u00f3n de datos.<\/p>\n<hr data-start=\"2537\" data-end=\"2540\" \/>\n<h2 data-section-id=\"1oa1oc8\" data-start=\"2542\" data-end=\"2572\">6. Derechos de los usuarios<\/h2>\n<p data-start=\"2574\" data-end=\"2644\">El usuario puede ejercer en cualquier momento los siguientes derechos:<\/p>\n<ul data-start=\"2646\" data-end=\"2875\">\n<li data-section-id=\"1rgby5p\" data-start=\"2646\" data-end=\"2666\">Derecho de acceso.<\/li>\n<li data-section-id=\"1sixfc6\" data-start=\"2667\" data-end=\"2694\">Derecho de rectificaci\u00f3n.<\/li>\n<li data-section-id=\"x2n69f\" data-start=\"2695\" data-end=\"2718\">Derecho de supresi\u00f3n.<\/li>\n<li data-section-id=\"1aex0y0\" data-start=\"2719\" data-end=\"2742\">Derecho de oposici\u00f3n.<\/li>\n<li data-section-id=\"95wqeo\" data-start=\"2743\" data-end=\"2785\">Derecho a la limitaci\u00f3n del tratamiento.<\/li>\n<li data-section-id=\"fhfk1f\" data-start=\"2786\" data-end=\"2827\">Derecho a la portabilidad de los datos.<\/li>\n<li data-section-id=\"1m6nvla\" data-start=\"2828\" data-end=\"2875\">Derecho a retirar el consentimiento prestado.<\/li>\n<\/ul>\n<p data-start=\"2877\" data-end=\"2934\">Para ejercer estos derechos puede enviar una solicitud a:<\/p>\n<ul data-start=\"2936\" data-end=\"3089\">\n<li data-section-id=\"yrghcw\" data-start=\"2936\" data-end=\"2982\"><strong data-start=\"2938\" data-end=\"2961\">Correo electr\u00f3nico:<\/strong> <a data-start=\"2962\" data-end=\"2980\" class=\"decorated-link cursor-pointer\" rel=\"noopener\">mibaizabal@tmk.eus<\/a><\/li>\n<li data-section-id=\"9lkino\" data-start=\"2983\" data-end=\"3089\"><strong data-start=\"2985\" data-end=\"3006\">Direcci\u00f3n postal:<\/strong> Pol\u00edgono Industrial Tra\u00f1a-Padura, 1 Bajo, 48220 Matiena (Abadi\u00f1o), Bizkaia, Espa\u00f1a<\/li>\n<\/ul>\n<p data-start=\"3091\" data-end=\"3281\">Asimismo, el usuario tiene derecho a presentar una reclamaci\u00f3n ante la <span class=\"hover:entity-accent entity-underline inline cursor-pointer align-baseline\"><span class=\"whitespace-normal\">Agencia Espa\u00f1ola de Protecci\u00f3n de Datos<\/span><\/span> si considera que el tratamiento de sus datos no se ajusta a la normativa vigente.<\/p>\n<hr data-start=\"3283\" data-end=\"3286\" \/>\n<h2 data-section-id=\"evqok0\" data-start=\"3288\" data-end=\"3314\">7. Medidas de seguridad<\/h2>\n<p data-start=\"3316\" data-end=\"3584\">Mecanizados Ibaizabal adopta las medidas t\u00e9cnicas y organizativas necesarias para garantizar la seguridad, confidencialidad e integridad de los datos personales, evitando su p\u00e9rdida, alteraci\u00f3n, tratamiento o acceso no autorizado. <span class=\"\" data-state=\"closed\"><\/span><\/p>\n<hr data-start=\"3586\" data-end=\"3589\" \/>\n<h2 data-section-id=\"ynules\" data-start=\"3591\" data-end=\"3616\">8. Pol\u00edtica de cookies<\/h2>\n<p data-start=\"3618\" data-end=\"3756\">Este sitio web puede utilizar cookies t\u00e9cnicas y de an\u00e1lisis para mejorar la experiencia del usuario y obtener estad\u00edsticas de navegaci\u00f3n.<\/p>\n<p data-start=\"3758\" data-end=\"3857\">El usuario puede configurar su navegador para rechazar o eliminar las cookies en cualquier momento.<\/p>\n<p data-start=\"3859\" data-end=\"4005\">Para m\u00e1s informaci\u00f3n, se recomienda disponer de una pol\u00edtica de cookies espec\u00edfica y un sistema de consentimiento conforme a la normativa vigente.<\/p>\n<hr data-start=\"4007\" data-end=\"4010\" \/>\n<h2 data-section-id=\"hhvcy3\" data-start=\"4012\" data-end=\"4036\">9. Enlaces a terceros<\/h2>\n<p data-start=\"4038\" data-end=\"4260\">El sitio web puede contener enlaces a p\u00e1ginas externas. Mecanizados Ibaizabal no se responsabiliza de las pol\u00edticas de privacidad ni de los contenidos de dichos sitios web de terceros. <span class=\"\" data-state=\"closed\"><\/span><\/p>\n<hr data-start=\"4262\" data-end=\"4265\" \/>\n<h2 data-section-id=\"mzd8ha\" data-start=\"4267\" data-end=\"4317\">10. Modificaciones de la pol\u00edtica de privacidad<\/h2>\n<p data-start=\"4319\" data-end=\"4490\">Mecanizados Ibaizabal se reserva el derecho a modificar la presente Pol\u00edtica de Privacidad para adaptarla a novedades legislativas o cambios en la actividad del sitio web.<\/p>\n<hr data-start=\"4492\" data-end=\"4495\" \/>\n<h2 data-section-id=\"1xjjv7c\" data-start=\"4497\" data-end=\"4525\">11. Legislaci\u00f3n aplicable<\/h2>\n<p data-start=\"4527\" data-end=\"4642\">La presente Pol\u00edtica de Privacidad se rige por la legislaci\u00f3n espa\u00f1ola y europea en materia de protecci\u00f3n de datos.<\/p>\n<hr data-start=\"4644\" data-end=\"4647\" \/>\n<p data-start=\"4649\" data-end=\"4888\">Tambi\u00e9n te recomiendo crear una p\u00e1gina independiente de <strong data-start=\"4705\" data-end=\"4728\">Pol\u00edtica de Cookies<\/strong> y a\u00f1adir un <strong data-start=\"4741\" data-end=\"4780\">banner de consentimiento de cookies<\/strong> adaptado al RGPD, especialmente si la web utiliza Google Analytics, formularios o herramientas de terceros.<\/p>\n<p>[\/et_pb_text][\/et_pb_column][\/et_pb_row][\/et_pb_section]<\/p>\n","protected":false},"excerpt":{"rendered":"<p>Pol\u00edtica de Privacidad &nbsp; 1. Responsable del tratamiento En cumplimiento de lo dispuesto en el Reglamento (UE) 2016\/679 del Parlamento Europeo y del Consejo (RGPD) y en la Ley Org\u00e1nica 3\/2018 de Protecci\u00f3n de Datos Personales y garant\u00eda de los derechos digitales (LOPDGDD), se informa de que los datos personales recabados a trav\u00e9s de este [&hellip;]<\/p>\n","protected":false},"author":1,"featured_media":0,"parent":0,"menu_order":0,"comment_status":"closed","ping_status":"open","template":"","meta":{"_et_pb_use_builder":"on","_et_pb_old_content":"[fusion_builder_container type=\"flex\" hundred_percent=\"no\" equal_height_columns=\"no\" hide_on_mobile=\"small-visibility,medium-visibility,large-visibility\" background_position=\"center center\" background_repeat=\"no-repeat\" fade=\"no\" background_parallax=\"none\" parallax_speed=\"0.3\" video_aspect_ratio=\"16:9\" video_loop=\"yes\" video_mute=\"yes\" border_style=\"solid\"][fusion_builder_row][fusion_builder_column type=\"1_1\" layout=\"1_1\" background_position=\"left top\" border_style=\"solid\" border_position=\"all\" spacing=\"yes\" background_repeat=\"no-repeat\" margin_top=\"0px\" margin_bottom=\"0px\" animation_speed=\"0.3\" animation_direction=\"left\" hide_on_mobile=\"small-visibility,medium-visibility,large-visibility\" center_content=\"no\" last=\"true\" hover_type=\"none\" min_height=\"\" link=\"\" background_blend_mode=\"overlay\" first=\"true\"][fusion_code]W2FyZ3BkX3BvbGl0aWNhLXByaXZhY2lkYWQvXQ==[\/fusion_code][\/fusion_builder_column][\/fusion_builder_row][\/fusion_builder_container]","_et_gb_content_width":"","footnotes":""},"class_list":["post-3","page","type-page","status-publish","hentry"],"_links":{"self":[{"href":"https:\/\/mecanizadosibaizabal.es\/es\/wp-json\/wp\/v2\/pages\/3","targetHints":{"allow":["GET"]}}],"collection":[{"href":"https:\/\/mecanizadosibaizabal.es\/es\/wp-json\/wp\/v2\/pages"}],"about":[{"href":"https:\/\/mecanizadosibaizabal.es\/es\/wp-json\/wp\/v2\/types\/page"}],"author":[{"embeddable":true,"href":"https:\/\/mecanizadosibaizabal.es\/es\/wp-json\/wp\/v2\/users\/1"}],"replies":[{"embeddable":true,"href":"https:\/\/mecanizadosibaizabal.es\/es\/wp-json\/wp\/v2\/comments?post=3"}],"version-history":[{"count":4,"href":"https:\/\/mecanizadosibaizabal.es\/es\/wp-json\/wp\/v2\/pages\/3\/revisions"}],"predecessor-version":[{"id":931,"href":"https:\/\/mecanizadosibaizabal.es\/es\/wp-json\/wp\/v2\/pages\/3\/revisions\/931"}],"wp:attachment":[{"href":"https:\/\/mecanizadosibaizabal.es\/es\/wp-json\/wp\/v2\/media?parent=3"}],"curies":[{"name":"wp","href":"https:\/\/api.w.org\/{rel}","templated":true}]}}